{"id":93,"date":"2020-09-18T11:19:37","date_gmt":"2020-09-18T11:19:37","guid":{"rendered":"https:\/\/szepsegesvarandossag.hu\/?page_id=93"},"modified":"2022-07-19T17:48:58","modified_gmt":"2022-07-19T17:48:58","slug":"eloadasaink","status":"publish","type":"page","link":"https:\/\/szepsegesvarandossag.hu\/?page_id=93","title":{"rendered":"SZ\u00c9PS\u00c9GES V\u00c1RAND\u00d3SS\u00c1G 2020."},"content":{"rendered":"\n<p><strong>Helysz\u00edn: Duna Palota Sz\u00ednh\u00e1zterem; Id\u0151pont: 2020. szeptember 12.<\/strong><\/p>\n\n\n\n<p>A konferencia z\u00e1rt ajt\u00f3k m\u00f6g\u00f6tt, csak az el\u0151ad\u00f3k r\u00e9szv\u00e9tel\u00e9vel lett megtartva.<\/p>\n\n\n\n<p><a href=\"https:\/\/szepsegesvarandossag.hu\/wp-content\/uploads\/2020\/09\/Konferencia-elozmenyek.mp4\"><strong>Bevezet\u0151<\/strong><\/a> &#8211; Dr. Mag Olga eln\u00f6k (Az \u00c9letmin\u0151s\u00e9g\u00e9rt Alap\u00edtv\u00e1ny)<\/p>\n\n\n\n<div class=\"wp-block-image is-style-default\"><figure class=\"aligncenter size-large is-resized\"><a href=\"https:\/\/szepsegesvarandossag.hu\/wp-content\/uploads\/2020\/09\/Konferencia-elozmenyek.mp4\"><img loading=\"lazy\" src=\"https:\/\/szepsegesvarandossag.hu\/wp-content\/uploads\/2022\/07\/Koszonto-768x1024.jpg\" alt=\"\" class=\"wp-image-1927\" width=\"136\" height=\"181\" srcset=\"https:\/\/szepsegesvarandossag.hu\/wp-content\/uploads\/2022\/07\/Koszonto-768x1023.jpg 768w, https:\/\/szepsegesvarandossag.hu\/wp-content\/uploads\/2022\/07\/Koszonto-225x300.jpg 225w, https:\/\/szepsegesvarandossag.hu\/wp-content\/uploads\/2022\/07\/Koszonto.jpg 1004w\" sizes=\"(max-width: 136px) 100vw, 136px\" \/><\/a><\/figure><\/div>\n\n\n\n<p><strong><a href=\"https:\/\/szepsegesvarandossag.hu\/wp-content\/uploads\/2020\/10\/koszonto.mp4\">K\u00f6sz\u00f6nt\u0151<\/a><\/strong> &#8211; Dr. Balogh Zolt\u00e1n eln\u00f6k (Magyar Eg\u00e9szs\u00e9g\u00fcgyi Szakdolgoz\u00f3i Kamara)<\/p>\n\n\n\n<div class=\"wp-block-image is-style-default\"><figure class=\"aligncenter size-large is-resized\"><a href=\"https:\/\/szepsegesvarandossag.hu\/wp-content\/uploads\/2020\/10\/koszonto.mp4\"><img loading=\"lazy\" src=\"https:\/\/szepsegesvarandossag.hu\/wp-content\/uploads\/2022\/07\/BZ-846x1024.jpg\" alt=\"\" class=\"wp-image-1931\" width=\"137\" height=\"166\" srcset=\"https:\/\/szepsegesvarandossag.hu\/wp-content\/uploads\/2022\/07\/BZ-846x1024.jpg 846w, https:\/\/szepsegesvarandossag.hu\/wp-content\/uploads\/2022\/07\/BZ-248x300.jpg 248w, https:\/\/szepsegesvarandossag.hu\/wp-content\/uploads\/2022\/07\/BZ-768x930.jpg 768w, https:\/\/szepsegesvarandossag.hu\/wp-content\/uploads\/2022\/07\/BZ-1269x1536.jpg 1269w, https:\/\/szepsegesvarandossag.hu\/wp-content\/uploads\/2022\/07\/BZ.jpg 1626w\" sizes=\"(max-width: 137px) 100vw, 137px\" \/><\/a><\/figure><\/div>\n\n\n\n<p><strong><a href=\"https:\/\/szepsegesvarandossag.hu\/wp-content\/uploads\/2020\/10\/melczer.mp4\">Cs\u00e1sz\u00e1rmetsz\u00e9s orvosi szemmel<\/a> <\/strong>&#8211; Dr. Melczer Zsolt PhD MSc sz\u00fcl\u00e9sz-n\u0151gy\u00f3gy\u00e1sz, onkol\u00f3gus egyetemi docens, igazgat\u00f3 helyettes (Semmelweis Egyetem, Sz\u00fcl\u00e9szeti \u00e9s N\u0151gy\u00f3gy\u00e1szati Klinika Baross utcai r\u00e9szleg)<\/p>\n\n\n\n<div class=\"wp-block-image is-style-default\"><figure class=\"aligncenter size-large is-resized\"><a href=\"https:\/\/szepsegesvarandossag.hu\/wp-content\/uploads\/2020\/10\/melczer.mp4\"><img loading=\"lazy\" src=\"https:\/\/szepsegesvarandossag.hu\/wp-content\/uploads\/2022\/07\/Mzs-934x1024.jpg\" alt=\"\" class=\"wp-image-1951\" width=\"151\" height=\"165\" srcset=\"https:\/\/szepsegesvarandossag.hu\/wp-content\/uploads\/2022\/07\/Mzs-934x1024.jpg 934w, https:\/\/szepsegesvarandossag.hu\/wp-content\/uploads\/2022\/07\/Mzs-274x300.jpg 274w, https:\/\/szepsegesvarandossag.hu\/wp-content\/uploads\/2022\/07\/Mzs-768x842.jpg 768w, https:\/\/szepsegesvarandossag.hu\/wp-content\/uploads\/2022\/07\/Mzs-1401x1536.jpg 1401w, https:\/\/szepsegesvarandossag.hu\/wp-content\/uploads\/2022\/07\/Mzs.jpg 1810w\" sizes=\"(max-width: 151px) 100vw, 151px\" \/><\/a><\/figure><\/div>\n\n\n\n<p><strong><a href=\"https:\/\/szepsegesvarandossag.hu\/wp-content\/uploads\/2020\/10\/teissz.mp4\">Te is szoptass! <\/a><\/strong>&#8211; Csetneki Julianna sz\u00fcl\u00e9szn\u0151, eln\u00f6k (Magyar \u00c1pol\u00e1si Egyes\u00fclet Sz\u00fcl\u00e9szn\u0151i Szekci\u00f3)<\/p>\n\n\n\n<div class=\"wp-block-image is-style-default\"><figure class=\"aligncenter size-large is-resized\"><a href=\"https:\/\/szepsegesvarandossag.hu\/wp-content\/uploads\/2020\/10\/teissz.mp4\"><img loading=\"lazy\" src=\"https:\/\/szepsegesvarandossag.hu\/wp-content\/uploads\/2022\/07\/CsJ-833x1024.jpg\" alt=\"\" class=\"wp-image-1954\" width=\"155\" height=\"191\" srcset=\"https:\/\/szepsegesvarandossag.hu\/wp-content\/uploads\/2022\/07\/CsJ-833x1024.jpg 833w, https:\/\/szepsegesvarandossag.hu\/wp-content\/uploads\/2022\/07\/CsJ-244x300.jpg 244w, https:\/\/szepsegesvarandossag.hu\/wp-content\/uploads\/2022\/07\/CsJ-768x944.jpg 768w, https:\/\/szepsegesvarandossag.hu\/wp-content\/uploads\/2022\/07\/CsJ-1250x1536.jpg 1250w, https:\/\/szepsegesvarandossag.hu\/wp-content\/uploads\/2022\/07\/CsJ.jpg 1580w\" sizes=\"(max-width: 155px) 100vw, 155px\" \/><\/a><\/figure><\/div>\n\n\n\n<p><a href=\"https:\/\/szepsegesvarandossag.hu\/wp-content\/uploads\/2020\/10\/csjszak.mp4\"><strong>Szoptat\u00e1st seg\u00edt\u0151 eszk\u00f6z\u00f6k<\/strong><\/a> &#8211; Csetneki Julianna sz\u00fcl\u00e9szn\u0151, eln\u00f6k (Magyar \u00c1pol\u00e1si Egyes\u00fclet Sz\u00fcl\u00e9szn\u0151i Szekci\u00f3)<\/p>\n\n\n\n<div class=\"wp-block-image is-style-default\"><figure class=\"aligncenter size-large is-resized\"><a href=\"https:\/\/szepsegesvarandossag.hu\/wp-content\/uploads\/2020\/10\/csjszak.mp4\"><img loading=\"lazy\" src=\"https:\/\/szepsegesvarandossag.hu\/wp-content\/uploads\/2022\/07\/CsJE-775x1024.jpg\" alt=\"\" class=\"wp-image-1966\" width=\"148\" height=\"195\" srcset=\"https:\/\/szepsegesvarandossag.hu\/wp-content\/uploads\/2022\/07\/CsJE-775x1024.jpg 775w, https:\/\/szepsegesvarandossag.hu\/wp-content\/uploads\/2022\/07\/CsJE-227x300.jpg 227w, https:\/\/szepsegesvarandossag.hu\/wp-content\/uploads\/2022\/07\/CsJE-768x1015.jpg 768w, https:\/\/szepsegesvarandossag.hu\/wp-content\/uploads\/2022\/07\/CsJE-1162x1536.jpg 1162w, https:\/\/szepsegesvarandossag.hu\/wp-content\/uploads\/2022\/07\/CsJE.jpg 1462w\" sizes=\"(max-width: 148px) 100vw, 148px\" \/><\/a><\/figure><\/div>\n\n\n\n<p><strong><a href=\"https:\/\/szepsegesvarandossag.hu\/wp-content\/uploads\/2020\/10\/antalem.mp4\">A j\u00f6v\u0151 a kez\u00fcnkben van! Az eg\u00e9szs\u00e9ges t\u00e1pl\u00e1lkoz\u00e1s jelent\u0151s\u00e9ge gyermektervez\u00e9skor, a v\u00e1rand\u00f3ss\u00e1g \u00e9s a szoptat\u00e1s alatt<\/a>&nbsp;<\/strong>\u2013 Antal Emese dietetikus, szociol\u00f3gus (T\u00c9T Platform)<\/p>\n\n\n\n<div class=\"wp-block-image is-style-default\"><figure class=\"aligncenter size-large is-resized\"><a href=\"https:\/\/szepsegesvarandossag.hu\/wp-content\/uploads\/2020\/10\/antalem.mp4\"><img loading=\"lazy\" src=\"https:\/\/szepsegesvarandossag.hu\/wp-content\/uploads\/2022\/07\/AE-737x1024.jpg\" alt=\"\" class=\"wp-image-1969\" width=\"157\" height=\"217\" srcset=\"https:\/\/szepsegesvarandossag.hu\/wp-content\/uploads\/2022\/07\/AE-737x1024.jpg 737w, https:\/\/szepsegesvarandossag.hu\/wp-content\/uploads\/2022\/07\/AE-216x300.jpg 216w, https:\/\/szepsegesvarandossag.hu\/wp-content\/uploads\/2022\/07\/AE-768x1067.jpg 768w, https:\/\/szepsegesvarandossag.hu\/wp-content\/uploads\/2022\/07\/AE-1105x1536.jpg 1105w, https:\/\/szepsegesvarandossag.hu\/wp-content\/uploads\/2022\/07\/AE.jpg 1304w\" sizes=\"(max-width: 157px) 100vw, 157px\" \/><\/a><\/figure><\/div>\n\n\n\n<p><strong><a href=\"https:\/\/szepsegesvarandossag.hu\/wp-content\/uploads\/2020\/10\/andreka.mp4\">Arany\u00f3r\u00e1k &#8211; b\u0151rkontaktusban a sz\u00fcl\u00e9s alatt \u00e9s ut\u00e1n<\/a> <\/strong>&#8211; Dr. Andrek Andrea pszichol\u00f3gus (E\u00f6tv\u00f6s Lor\u00e1nd Tudom\u00e1nyegyetem PPK Affekt\u00edv Pszichol\u00f3gia Tansz\u00e9k)<\/p>\n\n\n\n<div class=\"wp-block-image is-style-default\"><figure class=\"aligncenter size-large is-resized\"><a href=\"https:\/\/szepsegesvarandossag.hu\/wp-content\/uploads\/2020\/10\/andreka.mp4\"><img loading=\"lazy\" src=\"https:\/\/szepsegesvarandossag.hu\/wp-content\/uploads\/2022\/07\/AA-687x1024.jpg\" alt=\"\" class=\"wp-image-1972\" width=\"148\" height=\"220\" srcset=\"https:\/\/szepsegesvarandossag.hu\/wp-content\/uploads\/2022\/07\/AA-687x1024.jpg 687w, https:\/\/szepsegesvarandossag.hu\/wp-content\/uploads\/2022\/07\/AA-201x300.jpg 201w, https:\/\/szepsegesvarandossag.hu\/wp-content\/uploads\/2022\/07\/AA-768x1145.jpg 768w, https:\/\/szepsegesvarandossag.hu\/wp-content\/uploads\/2022\/07\/AA.jpg 1026w\" sizes=\"(max-width: 148px) 100vw, 148px\" \/><\/a><\/figure><\/div>\n\n\n\n<p><strong><a href=\"https:\/\/szepsegesvarandossag.hu\/wp-content\/uploads\/2020\/10\/szlavik.mp4\">Koronav\u00edrus fert\u0151z\u00e9s. Rizik\u00f3 t\u00e9nyez\u0151-e a v\u00e1rand\u00f3ss\u00e1g?<\/a> <\/strong>&#8211; Dr. Szl\u00e1vik J\u00e1nos infektol\u00f3gus szakorvos, f\u0151orvos (D\u00e9l-Pesti Centrumk\u00f3rh\u00e1z)<\/p>\n\n\n\n<div class=\"wp-block-image is-style-default\"><figure class=\"aligncenter size-large is-resized\"><a href=\"https:\/\/szepsegesvarandossag.hu\/wp-content\/uploads\/2020\/10\/szlavik.mp4\"><img loading=\"lazy\" src=\"https:\/\/szepsegesvarandossag.hu\/wp-content\/uploads\/2022\/07\/szJ-878x1024.jpg\" alt=\"\" class=\"wp-image-1975\" width=\"149\" height=\"174\" srcset=\"https:\/\/szepsegesvarandossag.hu\/wp-content\/uploads\/2022\/07\/szJ-878x1024.jpg 878w, https:\/\/szepsegesvarandossag.hu\/wp-content\/uploads\/2022\/07\/szJ-257x300.jpg 257w, https:\/\/szepsegesvarandossag.hu\/wp-content\/uploads\/2022\/07\/szJ-768x895.jpg 768w, https:\/\/szepsegesvarandossag.hu\/wp-content\/uploads\/2022\/07\/szJ-1317x1536.jpg 1317w, https:\/\/szepsegesvarandossag.hu\/wp-content\/uploads\/2022\/07\/szJ.jpg 1700w\" sizes=\"(max-width: 149px) 100vw, 149px\" \/><\/a><\/figure><\/div>\n\n\n\n<p><strong><a href=\"https:\/\/szepsegesvarandossag.hu\/wp-content\/uploads\/2020\/10\/sipko.mp4\">A v\u00e9d\u0151n\u0151k szerepe a Covid-19 j\u00e1rv\u00e1ny idej\u00e9n<\/a><\/strong> &#8211; Sipk\u00f3 Gabriella v\u00e9d\u0151n\u0151 (V\u00e9d\u0151n\u0151i Szolg\u00e1lat Apc)<\/p>\n\n\n\n<div class=\"wp-block-image is-style-default\"><figure class=\"aligncenter size-large is-resized\"><a href=\"https:\/\/szepsegesvarandossag.hu\/wp-content\/uploads\/2020\/10\/sipko.mp4\"><img loading=\"lazy\" src=\"https:\/\/szepsegesvarandossag.hu\/wp-content\/uploads\/2022\/07\/SG-957x1024.jpg\" alt=\"\" class=\"wp-image-1978\" width=\"150\" height=\"160\" srcset=\"https:\/\/szepsegesvarandossag.hu\/wp-content\/uploads\/2022\/07\/SG-957x1024.jpg 957w, https:\/\/szepsegesvarandossag.hu\/wp-content\/uploads\/2022\/07\/SG-280x300.jpg 280w, https:\/\/szepsegesvarandossag.hu\/wp-content\/uploads\/2022\/07\/SG-768x822.jpg 768w, https:\/\/szepsegesvarandossag.hu\/wp-content\/uploads\/2022\/07\/SG-1435x1536.jpg 1435w, https:\/\/szepsegesvarandossag.hu\/wp-content\/uploads\/2022\/07\/SG.jpg 1758w\" sizes=\"(max-width: 150px) 100vw, 150px\" \/><\/a><\/figure><\/div>\n\n\n\n<p><strong><a href=\"https:\/\/szepsegesvarandossag.hu\/wp-content\/uploads\/2020\/10\/csitos.mp4\">Az \u00fajsz\u00fcl\u00f6tt b\u0151r\u00e9nek tiszt\u00edt\u00e1sa, \u00e1pol\u00e1sa. Az ekc\u00e9ma megel\u0151z\u00e9se.<\/a> <\/strong>&#8211; Dr. Csitos \u00c1gnes gyermekb\u0151rgy\u00f3gy\u00e1sz (Magyar Reform\u00e1tus Egyh\u00e1z Bethesda Gyermekk\u00f3rh\u00e1za)<\/p>\n\n\n\n<div class=\"wp-block-image is-style-default\"><figure class=\"aligncenter size-large is-resized\"><a href=\"https:\/\/szepsegesvarandossag.hu\/wp-content\/uploads\/2020\/10\/csitos.mp4\"><img loading=\"lazy\" src=\"https:\/\/szepsegesvarandossag.hu\/wp-content\/uploads\/2022\/07\/CsA-1003x1024.jpg\" alt=\"\" class=\"wp-image-1982\" width=\"155\" height=\"158\" srcset=\"https:\/\/szepsegesvarandossag.hu\/wp-content\/uploads\/2022\/07\/CsA-1003x1024.jpg 1003w, https:\/\/szepsegesvarandossag.hu\/wp-content\/uploads\/2022\/07\/CsA-294x300.jpg 294w, https:\/\/szepsegesvarandossag.hu\/wp-content\/uploads\/2022\/07\/CsA-768x784.jpg 768w, https:\/\/szepsegesvarandossag.hu\/wp-content\/uploads\/2022\/07\/CsA-1504x1536.jpg 1504w, https:\/\/szepsegesvarandossag.hu\/wp-content\/uploads\/2022\/07\/CsA.jpg 1970w\" sizes=\"(max-width: 155px) 100vw, 155px\" \/><\/a><\/figure><\/div>\n\n\n\n<p><strong><a href=\"https:\/\/szepsegesvarandossag.hu\/wp-content\/uploads\/2020\/10\/karol.mp4\">Immunrendszer sz\u00fcletik &#8211; b\u00e9lfl\u00f3ra t\u00e1mogat\u00e1s a v\u00e1rand\u00f3ss\u00e1g alatt \u00e9s ut\u00e1n<\/a> <\/strong>&#8211; Dr. Karoliny Anna gyermek-gasztroenterol\u00f3gus (Heim P\u00e1l Orsz\u00e1gos Gyermekgy\u00f3gy\u00e1szati Int\u00e9zet)<\/p>\n\n\n\n<div class=\"wp-block-image is-style-default\"><figure class=\"aligncenter size-large is-resized\"><a href=\"https:\/\/szepsegesvarandossag.hu\/wp-content\/uploads\/2020\/10\/karol.mp4\"><img loading=\"lazy\" src=\"https:\/\/szepsegesvarandossag.hu\/wp-content\/uploads\/2022\/07\/KA-821x1024.jpg\" alt=\"\" class=\"wp-image-1985\" width=\"158\" height=\"197\" srcset=\"https:\/\/szepsegesvarandossag.hu\/wp-content\/uploads\/2022\/07\/KA-821x1024.jpg 821w, https:\/\/szepsegesvarandossag.hu\/wp-content\/uploads\/2022\/07\/KA-240x300.jpg 240w, https:\/\/szepsegesvarandossag.hu\/wp-content\/uploads\/2022\/07\/KA-768x958.jpg 768w, https:\/\/szepsegesvarandossag.hu\/wp-content\/uploads\/2022\/07\/KA-1231x1536.jpg 1231w, https:\/\/szepsegesvarandossag.hu\/wp-content\/uploads\/2022\/07\/KA.jpg 1566w\" sizes=\"(max-width: 158px) 100vw, 158px\" \/><\/a><\/figure><\/div>\n\n\n\n<p><strong><a href=\"https:\/\/szepsegesvarandossag.hu\/wp-content\/uploads\/2020\/10\/simon.mp4\">Milyen az igazi babav\u00edz?<\/a><\/strong> &#8211; Dr. Simon L\u00e1szl\u00f3 v\u00edzkutat\u00f3 m\u00e9rn\u00f6k, c. egyetemi docens (Szegedi Tudom\u00e1nyegyetem, M\u00e9rn\u00f6ki Kar)<\/p>\n\n\n\n<div class=\"wp-block-image is-style-default\"><figure class=\"aligncenter size-large is-resized\"><a href=\"https:\/\/szepsegesvarandossag.hu\/wp-content\/uploads\/2020\/10\/simon.mp4\"><img loading=\"lazy\" src=\"https:\/\/szepsegesvarandossag.hu\/wp-content\/uploads\/2022\/07\/SL-881x1024.jpg\" alt=\"\" class=\"wp-image-1988\" width=\"171\" height=\"198\" srcset=\"https:\/\/szepsegesvarandossag.hu\/wp-content\/uploads\/2022\/07\/SL-881x1024.jpg 881w, https:\/\/szepsegesvarandossag.hu\/wp-content\/uploads\/2022\/07\/SL-258x300.jpg 258w, https:\/\/szepsegesvarandossag.hu\/wp-content\/uploads\/2022\/07\/SL-768x893.jpg 768w, https:\/\/szepsegesvarandossag.hu\/wp-content\/uploads\/2022\/07\/SL-1321x1536.jpg 1321w, https:\/\/szepsegesvarandossag.hu\/wp-content\/uploads\/2022\/07\/SL.jpg 1684w\" sizes=\"(max-width: 171px) 100vw, 171px\" \/><\/a><\/figure><\/div>\n\n\n\n<p><strong>K\u00f6sz\u00f6nj\u00fck, hogy megtekintette el\u0151ad\u00e1sainkat.<\/strong><\/p>\n","protected":false},"excerpt":{"rendered":"<p>Helysz\u00edn: Duna Palota Sz\u00ednh\u00e1zterem; Id\u0151pont: 2020. szeptember 12. A konferencia z\u00e1rt ajt\u00f3k m\u00f6g\u00f6tt, csak az el\u0151ad\u00f3k r\u00e9szv\u00e9tel\u00e9vel lett megtartva. Bevezet\u0151 &#8211; Dr. Mag Olga eln\u00f6k (Az \u00c9letmin\u0151s\u00e9g\u00e9rt Alap\u00edtv\u00e1ny) K\u00f6sz\u00f6nt\u0151 &#8211; Dr. Balogh Zolt\u00e1n eln\u00f6k (Magyar Eg\u00e9szs\u00e9g\u00fcgyi Szakdolgoz\u00f3i Kamara) Cs\u00e1sz\u00e1rmetsz\u00e9s orvosi &hellip; <a href=\"https:\/\/szepsegesvarandossag.hu\/?page_id=93\">Egy kattint\u00e1s ide a folytat\u00e1shoz&#8230;. <span class=\"meta-nav\">&rarr;<\/span><\/a><\/p>\n","protected":false},"author":1,"featured_media":0,"parent":0,"menu_order":0,"comment_status":"closed","ping_status":"closed","template":"","meta":[],"_links":{"self":[{"href":"https:\/\/szepsegesvarandossag.hu\/index.php?rest_route=\/wp\/v2\/pages\/93"}],"collection":[{"href":"https:\/\/szepsegesvarandossag.hu\/index.php?rest_route=\/wp\/v2\/pages"}],"about":[{"href":"https:\/\/szepsegesvarandossag.hu\/index.php?rest_route=\/wp\/v2\/types\/page"}],"author":[{"embeddable":true,"href":"https:\/\/szepsegesvarandossag.hu\/index.php?rest_route=\/wp\/v2\/users\/1"}],"replies":[{"embeddable":true,"href":"https:\/\/szepsegesvarandossag.hu\/index.php?rest_route=%2Fwp%2Fv2%2Fcomments&post=93"}],"version-history":[{"count":92,"href":"https:\/\/szepsegesvarandossag.hu\/index.php?rest_route=\/wp\/v2\/pages\/93\/revisions"}],"predecessor-version":[{"id":2012,"href":"https:\/\/szepsegesvarandossag.hu\/index.php?rest_route=\/wp\/v2\/pages\/93\/revisions\/2012"}],"wp:attachment":[{"href":"https:\/\/szepsegesvarandossag.hu\/index.php?rest_route=%2Fwp%2Fv2%2Fmedia&parent=93"}],"curies":[{"name":"wp","href":"https:\/\/api.w.org\/{rel}","templated":true}]}}